{"id":68,"date":"2023-04-13T08:44:46","date_gmt":"2023-04-13T07:44:46","guid":{"rendered":"https:\/\/rundertisch-menschenrechte.at\/?page_id=68"},"modified":"2023-10-11T15:32:04","modified_gmt":"2023-10-11T14:32:04","slug":"archiv","status":"publish","type":"page","link":"https:\/\/rundertisch-menschenrechte.at\/index.php\/archiv\/","title":{"rendered":"Archiv"},"content":{"rendered":"\n<h2 class=\"wp-block-heading\"><strong>Projekte, Veranstaltungen, Kampagnen \u2013 eine Auswahl<\/strong><\/h2>\n\n\n\n<h4 class=\"wp-block-heading\"><strong>Lesung auf Deutsch, Arabisch und T\u00fcrkisch f\u00fcr Kinder von 3 bis 6: Kinderrechtebuch PASCHU, Dienstag, 29.11.2022<\/strong><\/h4>\n\n\n\n<p>Kinder haben Rechte, und das von Geburt an. Anl\u00e4sslich des Jubil\u00e4ums &#8211; 30 Jahre Kinderrechtskonvention der Vereinten Nationen in \u00d6sterreich \u2013 wurde das Kinderrechtebuch PASCHU in neun Sprachen &#8211; Deutsch, Albanisch, Arabisch, Bosnisch, Kroatisch, Serbisch, Somalisch, T\u00fcrkisch und Ukrainisch &#8211; herausgegeben. Das Buch wurde vor mehr als 90 Kindern, Eltern und P\u00e4dagog:innen im Rahmen einer Lesung auf Deutsch, Arabisch und T\u00fcrkisch in der Stadt:Bibliothek vorgestellt.<\/p>\n\n\n\n<figure class=\"wp-block-image size-full is-resized\"><a href=\"https:\/\/rundertisch-menschenrechte.at\/wp-content\/uploads\/2023\/09\/A2022.11.29-PASCHU-Flyer.pdf\"><img loading=\"lazy\" decoding=\"async\" src=\"https:\/\/rundertisch-menschenrechte.at\/wp-content\/uploads\/2023\/09\/A2022.11.29-PASCHU-Flyer-1.jpg\" alt=\"\" class=\"wp-image-313\" style=\"width:244px;height:344px\" width=\"244\" height=\"344\" srcset=\"https:\/\/rundertisch-menschenrechte.at\/wp-content\/uploads\/2023\/09\/A2022.11.29-PASCHU-Flyer-1.jpg 500w, https:\/\/rundertisch-menschenrechte.at\/wp-content\/uploads\/2023\/09\/A2022.11.29-PASCHU-Flyer-1-213x300.jpg 213w\" sizes=\"auto, (max-width: 244px) 85vw, 244px\" \/><\/a><\/figure>\n\n\n\n<h4 class=\"wp-block-heading\"><strong><a href=\"https:\/\/www.stadt-salzburg.at\/index.php?id=52616\">Lesung \u201eBruchzone\u201c mit Autor und Zeit-Redakteur Wolfgang Bauer am 29.1.2019 in der Panoramabar der Stadt:Bibliothek&nbsp;<\/a><\/strong><\/h4>\n\n\n\n<h4 class=\"wp-block-heading\"><strong><a href=\"https:\/\/www.stadt-salzburg.at\/index.php?id=52760\">10 Jahre Menschenrechtsstadt Salzburg, 2018-2019<\/a><\/strong><\/h4>\n\n\n\n<p>\u201e10 Jahre Menschenrechtsstadt Salzburg\u201c wurde gemeinsam mit der Personalentwicklung und mit dem Auftragnehmer \u00d6sterreichisches Institut f\u00fcr Menschenrechte umgesetzt. In allen Abteilungen des Magistrats wurde eine Erhebung \u00fcber menschenrechtliches Handeln durchgef\u00fchrt. In diesem Rahmen wurden von den F\u00fchrungskr\u00e4ften in kritischer Selbstreflexion sowohl gute Beispiele und positiv praktizierte Ma\u00dfnahmen benannt als auch Entwicklungs- und Verbesserungsbedarfe festgestellt.<\/p>\n\n\n\n<p>Schwerpunktthema des Menschenrechtsberichts war \u201eInformation und Transparenz\u201c auf Grundlage der Artikel XI Recht auf Information und XXIV Prinzip der Transparenz der \u201eEurop\u00e4ischen Charta f\u00fcr den Schutz der Menschenrechte in der Stadt\u201c.<\/p>\n\n\n\n<p>Der umfassende Bericht wurde 2019 den F\u00fchrungskr\u00e4ften der Stadt Salzburg bei verschiedenen Terminen, u.a. auf der \u201eF\u00fchrungskr\u00e4fteplattform\u201c pr\u00e4sentiert. Au\u00dferdem gab es dazu eine Ausstellung in der Wolf-Dietrich-Halle im Schloss Mirabell.<\/p>\n\n\n\n<p><\/p>\n\n\n\n<h4 class=\"wp-block-heading\"><strong>(Un)erw\u00fcnschte Einmischung? Menschenrechte vor Ort, Mi, 5.12.2018, 19:00, Bildungszentrum St. Virgil, Pr\u00e4sentation der Publikationen<\/strong><\/h4>\n\n\n\n<p><a href=\"https:\/\/rundertisch-menschenrechte.at\/wp-content\/uploads\/2023\/09\/A2018.12.5-menschenrechte-vor-ort.pdf\" data-type=\"attachment\" data-id=\"212\">2018 Menschenrechte vor Ort<\/a><\/p>\n\n\n\n<figure class=\"wp-block-image size-full is-resized\"><a href=\"https:\/\/rundertisch-menschenrechte.at\/wp-content\/uploads\/2023\/09\/A2018.12.5-menschenrechte-vor-ort.pdf\"><img loading=\"lazy\" decoding=\"async\" src=\"https:\/\/rundertisch-menschenrechte.at\/wp-content\/uploads\/2023\/09\/A2018.12.5-menschenrechte-vor-ort-1.jpg\" alt=\"\" class=\"wp-image-316\" style=\"width:290px;height:409px\" width=\"290\" height=\"409\" srcset=\"https:\/\/rundertisch-menschenrechte.at\/wp-content\/uploads\/2023\/09\/A2018.12.5-menschenrechte-vor-ort-1.jpg 500w, https:\/\/rundertisch-menschenrechte.at\/wp-content\/uploads\/2023\/09\/A2018.12.5-menschenrechte-vor-ort-1-212x300.jpg 212w\" sizes=\"auto, (max-width: 290px) 85vw, 290px\" \/><\/a><\/figure>\n\n\n\n<h4 class=\"wp-block-heading\"><strong>Lesung und Gespr\u00e4ch \u201ePost von Karlheinz\u201c mit Spiegel-Redakteur <strong>Hasnain Kazim, 15. November 2018, Panoramabar, Stadtbibliothek<\/strong>&nbsp;<\/strong><\/h4>\n\n\n\n<p><a href=\"https:\/\/rundertisch-menschenrechte.at\/wp-content\/uploads\/2023\/09\/A2018.11.15-Post-Karlheinz.pdf\" data-type=\"attachment\" data-id=\"213\">2018 Post von Karlheinz<\/a><\/p>\n\n\n\n<figure class=\"wp-block-image size-full is-resized\"><a href=\"https:\/\/rundertisch-menschenrechte.at\/wp-content\/uploads\/2023\/09\/A2018.11.15-Post-Karlheinz.pdf\"><img loading=\"lazy\" decoding=\"async\" src=\"https:\/\/rundertisch-menschenrechte.at\/wp-content\/uploads\/2023\/09\/A2018.11.15-Post-Karlheinz-1.jpg\" alt=\"\" class=\"wp-image-318\" style=\"width:286px;height:403px\" width=\"286\" height=\"403\" srcset=\"https:\/\/rundertisch-menschenrechte.at\/wp-content\/uploads\/2023\/09\/A2018.11.15-Post-Karlheinz-1.jpg 500w, https:\/\/rundertisch-menschenrechte.at\/wp-content\/uploads\/2023\/09\/A2018.11.15-Post-Karlheinz-1-213x300.jpg 213w\" sizes=\"auto, (max-width: 286px) 85vw, 286px\" \/><\/a><\/figure>\n\n\n\n<h4 class=\"wp-block-heading\"><strong>Kunstausstellung MENSCHENW\u00dcRDE im ABZ-Haus der M\u00f6glichkeiten, Kirchenstra\u00dfe 34, April 2018<\/strong><\/h4>\n\n\n\n<p><a href=\"https:\/\/rundertisch-menschenrechte.at\/wp-content\/uploads\/2023\/09\/A2018.4.23-Kunstausstellung.pdf\" data-type=\"attachment\" data-id=\"214\">2018 Kunstausstellung Menschenw\u00fcrde<\/a><\/p>\n\n\n\n<figure class=\"wp-block-image size-full is-resized\"><a href=\"https:\/\/rundertisch-menschenrechte.at\/wp-content\/uploads\/2023\/09\/A2018.4.23-Kunstausstellung.pdf\"><img loading=\"lazy\" decoding=\"async\" src=\"https:\/\/rundertisch-menschenrechte.at\/wp-content\/uploads\/2023\/09\/A2018.4.23-Kunstausstellung.jpg\" alt=\"\" class=\"wp-image-320\" style=\"width:289px;height:408px\" width=\"289\" height=\"408\" srcset=\"https:\/\/rundertisch-menschenrechte.at\/wp-content\/uploads\/2023\/09\/A2018.4.23-Kunstausstellung.jpg 595w, https:\/\/rundertisch-menschenrechte.at\/wp-content\/uploads\/2023\/09\/A2018.4.23-Kunstausstellung-212x300.jpg 212w\" sizes=\"auto, (max-width: 289px) 85vw, 289px\" \/><\/a><\/figure>\n\n\n\n<h4 class=\"wp-block-heading\"><strong>F\u00fcnf Jahre Antidiskriminierungsstelle in der Stadt Salzburg<\/strong> <br><strong>Do, 09.11.2017, Schloss Mirabell<\/strong><\/h4>\n\n\n\n<p><a href=\"https:\/\/rundertisch-menschenrechte.at\/wp-content\/uploads\/2023\/09\/A2017.11.9-fuenf_jahre_antidiskriminierungsstelle.pdf\" data-type=\"attachment\" data-id=\"215\">2017, 5 Jahre Antidiskriminierungsstelle<\/a><\/p>\n\n\n\n<figure class=\"wp-block-image size-large is-resized\"><a href=\"https:\/\/rundertisch-menschenrechte.at\/wp-content\/uploads\/2023\/09\/A2017.11.9-fuenf_jahre_antidiskriminierungsstelle.pdf\"><img loading=\"lazy\" decoding=\"async\" src=\"https:\/\/rundertisch-menschenrechte.at\/wp-content\/uploads\/2023\/09\/A2017.11.9-fuenf_jahre_antidiskriminierungsstelle-1-1-483x1024.jpg\" alt=\"\" class=\"wp-image-322\" style=\"width:188px;height:399px\" width=\"188\" height=\"399\" srcset=\"https:\/\/rundertisch-menschenrechte.at\/wp-content\/uploads\/2023\/09\/A2017.11.9-fuenf_jahre_antidiskriminierungsstelle-1-1-483x1024.jpg 483w, https:\/\/rundertisch-menschenrechte.at\/wp-content\/uploads\/2023\/09\/A2017.11.9-fuenf_jahre_antidiskriminierungsstelle-1-1-141x300.jpg 141w, https:\/\/rundertisch-menschenrechte.at\/wp-content\/uploads\/2023\/09\/A2017.11.9-fuenf_jahre_antidiskriminierungsstelle-1-1.jpg 500w\" sizes=\"auto, (max-width: 188px) 85vw, 188px\" \/><\/a><\/figure>\n\n\n\n<h4 class=\"wp-block-heading\"><strong>Theater und Stadt:Dialog: \u201eFl\u00fcchtlinge in Salzburg. Tun wir genug f\u00fcr Integration?\u201c,&nbsp;<\/strong><strong>Fr, 15. J\u00e4nner 2016, 18:00, TriB\u00fchne Lehen, Tulpenstra\u00dfe 1.<\/strong><\/h4>\n\n\n\n<p><a href=\"https:\/\/rundertisch-menschenrechte.at\/wp-content\/uploads\/2023\/09\/A2016.1.15-FlAchtlinge.pdf\" data-type=\"attachment\" data-id=\"216\">2016 Fl\u00fcchtlinge in Salzburg<\/a><\/p>\n\n\n\n<figure class=\"wp-block-image size-large is-resized\"><a href=\"https:\/\/rundertisch-menschenrechte.at\/wp-content\/uploads\/2023\/09\/A2016.1.15-FlAchtlinge.pdf\"><img loading=\"lazy\" decoding=\"async\" src=\"https:\/\/rundertisch-menschenrechte.at\/wp-content\/uploads\/2023\/09\/A2016.1.15-FlAchtlinge-1-478x1024.jpg\" alt=\"\" class=\"wp-image-324\" style=\"width:188px;height:403px\" width=\"188\" height=\"403\" srcset=\"https:\/\/rundertisch-menschenrechte.at\/wp-content\/uploads\/2023\/09\/A2016.1.15-FlAchtlinge-1-478x1024.jpg 478w, https:\/\/rundertisch-menschenrechte.at\/wp-content\/uploads\/2023\/09\/A2016.1.15-FlAchtlinge-1-140x300.jpg 140w, https:\/\/rundertisch-menschenrechte.at\/wp-content\/uploads\/2023\/09\/A2016.1.15-FlAchtlinge-1.jpg 500w\" sizes=\"auto, (max-width: 188px) 85vw, 188px\" \/><\/a><\/figure>\n\n\n\n<h4 class=\"wp-block-heading\"><strong>Theater und Stadt:Dialog \u201eFl\u00fcchtlinge in Salzburg. Hilfe und Herausforderungen\u201c, Freitag, 11. Dezember 2015, 18:00,&nbsp;TriB\u00fchne Lehen, Tulpenstra\u00dfe 1.&nbsp;<\/strong><\/h4>\n\n\n\n<p><a href=\"https:\/\/rundertisch-menschenrechte.at\/wp-content\/uploads\/2023\/09\/A2015.12.11-FlAchtlinge.pdf\" data-type=\"attachment\" data-id=\"217\">2015 Fl\u00fcchtlinge in Salzburg<\/a><\/p>\n\n\n\n<figure class=\"wp-block-image size-full is-resized\"><a href=\"https:\/\/rundertisch-menschenrechte.at\/wp-content\/uploads\/2023\/09\/A2015.12.11-FlAchtlinge.pdf\"><img loading=\"lazy\" decoding=\"async\" src=\"https:\/\/rundertisch-menschenrechte.at\/wp-content\/uploads\/2023\/09\/A2015.12.11-FlAchtlinge.jpg\" alt=\"\" class=\"wp-image-326\" style=\"width:288px;height:407px\" width=\"288\" height=\"407\" srcset=\"https:\/\/rundertisch-menschenrechte.at\/wp-content\/uploads\/2023\/09\/A2015.12.11-FlAchtlinge.jpg 499w, https:\/\/rundertisch-menschenrechte.at\/wp-content\/uploads\/2023\/09\/A2015.12.11-FlAchtlinge-212x300.jpg 212w\" sizes=\"auto, (max-width: 288px) 85vw, 288px\" \/><\/a><\/figure>\n\n\n\n<h4 class=\"wp-block-heading\"><strong>\u201eIch werde benachteiligt, was kann ich tun?\u201c&nbsp;Workshop f\u00fcr Betroffene, Interessierte und Beobachtende von Altersdiskriminierung, Dienstag, 29. September 2015<\/strong><\/h4>\n\n\n\n<p><a href=\"https:\/\/rundertisch-menschenrechte.at\/wp-content\/uploads\/2023\/09\/A2015.9.29-workshop_altersdiskriminierung.pdf\" data-type=\"attachment\" data-id=\"218\">2015 Workshop Altersdiskriminierung<\/a><\/p>\n\n\n\n<figure class=\"wp-block-image size-full is-resized\"><a href=\"https:\/\/rundertisch-menschenrechte.at\/wp-content\/uploads\/2023\/09\/A2015.9.29-workshop_altersdiskriminierung.pdf\"><img loading=\"lazy\" decoding=\"async\" src=\"https:\/\/rundertisch-menschenrechte.at\/wp-content\/uploads\/2023\/09\/A2015.9.29-workshop_altersdiskriminierung.jpg\" alt=\"\" class=\"wp-image-328\" style=\"width:289px;height:408px\" width=\"289\" height=\"408\" srcset=\"https:\/\/rundertisch-menschenrechte.at\/wp-content\/uploads\/2023\/09\/A2015.9.29-workshop_altersdiskriminierung.jpg 595w, https:\/\/rundertisch-menschenrechte.at\/wp-content\/uploads\/2023\/09\/A2015.9.29-workshop_altersdiskriminierung-212x300.jpg 212w\" sizes=\"auto, (max-width: 289px) 85vw, 289px\" \/><\/a><\/figure>\n\n\n\n<h4 class=\"wp-block-heading\"><strong>Aktionstag einer solidarischen Stadt, 2015<\/strong><\/h4>\n\n\n\n<p>Respekt f\u00fcr alle! Freitag, 12. Juni&nbsp;2015, von 14 bis 21 Uhr im STADTWERK LEHEN<\/p>\n\n\n\n<p><a href=\"https:\/\/rundertisch-menschenrechte.at\/wp-content\/uploads\/2023\/09\/A2015.6.12-solidarische-stadt.pdf\" data-type=\"attachment\" data-id=\"219\">2015 Solidarische Stadt<\/a><\/p>\n\n\n\n<figure class=\"wp-block-image size-full is-resized\"><a href=\"https:\/\/rundertisch-menschenrechte.at\/wp-content\/uploads\/2023\/09\/A2015.6.12-solidarische-stadt.pdf\"><img loading=\"lazy\" decoding=\"async\" src=\"https:\/\/rundertisch-menschenrechte.at\/wp-content\/uploads\/2023\/09\/A2015.6.12-solidarische-stadt-1.jpg\" alt=\"\" class=\"wp-image-330\" style=\"width:288px;height:404px\" width=\"288\" height=\"404\" srcset=\"https:\/\/rundertisch-menschenrechte.at\/wp-content\/uploads\/2023\/09\/A2015.6.12-solidarische-stadt-1.jpg 500w, https:\/\/rundertisch-menschenrechte.at\/wp-content\/uploads\/2023\/09\/A2015.6.12-solidarische-stadt-1-214x300.jpg 214w\" sizes=\"auto, (max-width: 288px) 85vw, 288px\" \/><\/a><\/figure>\n\n\n\n<h4 class=\"wp-block-heading\">VIDEOPORTRAITS: <strong>Auf Augenh\u00f6he, 2015<\/strong><\/h4>\n\n\n\n<p>Die&nbsp;Videoportraits&nbsp;\u201eAuf Augenh\u00f6he\u201c&nbsp;geben den Menschen, die sich in Salzburg aufhalten und betteln, eine Stimme und ein Gesicht.&nbsp;Sie geben den Personen die M\u00f6glichkeit, ihre&nbsp;Geschichte zu erz\u00e4hlen: woher kommen sie und warum haben sie ihre Heimat verlassen, mit welchen Vorstellungen und Erwartungen kamen sie nach Salzburg, welche Erfahrungen machen sie hier usw. Pr\u00e4sentation war am Mo, 18. Mai 2015, 18:00 im ABZ Haus der M\u00f6glichkeiten, Kirchenstra\u00dfe 34, 5020 Salzburg.<\/p>\n\n\n\n<figure class=\"wp-block-embed is-type-video is-provider-vimeo wp-block-embed-vimeo wp-embed-aspect-16-9 wp-has-aspect-ratio\"><div class=\"wp-block-embed__wrapper\">\n<iframe loading=\"lazy\" title=\"AUF AUGENH\u00d6HE... MIT IOAN\" src=\"https:\/\/player.vimeo.com\/video\/123438817?dnt=1&amp;app_id=122963\" width=\"840\" height=\"473\" frameborder=\"0\" allow=\"autoplay; fullscreen; picture-in-picture\"><\/iframe>\n<\/div><\/figure>\n\n\n\n<h4 class=\"wp-block-heading\"><strong>Spazieren und diskutieren f\u00fcr Respekt, 2015<\/strong><\/h4>\n\n\n\n<p>Diese Veranstaltungsreihe fand im Zeitraum vom Internationalen Tag gegen Rassismus am 21. M\u00e4rz bis zum Gesellschaftsklimatag am 24. April statt. Rassismus verletzt Menschen. Wissen st\u00e4rkt. Begegnung hilft!<br>Workshops, Vortr\u00e4ge und Dialoge f\u00fcr alle, Spazierg\u00e4nge f\u00fcr Klassen ab der 7. Schulstufe.<\/p>\n\n\n\n<p><a href=\"https:\/\/rundertisch-menschenrechte.at\/wp-content\/uploads\/2023\/10\/2015-Spazieren-diskutieren-fuer-Respekt.pdf\">Spazieren und Diskutieren f\u00fcr Respekt 2015<\/a><\/p>\n\n\n\n<figure class=\"wp-block-image size-full\"><img loading=\"lazy\" decoding=\"async\" width=\"268\" height=\"182\" src=\"https:\/\/rundertisch-menschenrechte.at\/wp-content\/uploads\/2023\/10\/spazieren-2015-1.png\" alt=\"\" class=\"wp-image-404\"\/><\/figure>\n\n\n\n<h4 class=\"wp-block-heading\"><strong>Vielfalt in Gefahr! Neue Formen des Rassismus, 2015<\/strong><\/h4>\n\n\n\n<p>Islamophobie, Rechtsextremismus, Kriminalisierung von Armen und Diskriminierung von Zuwander:innen<br>Podiumsdiskussion, Dienstag, 27. J\u00e4nner 2015, 18 Uhr in der TriB\u00fchne Lehen, Tulpenstra\u00dfe 1<\/p>\n\n\n\n<p><a href=\"https:\/\/rundertisch-menschenrechte.at\/wp-content\/uploads\/2023\/09\/A2015.1.27-Vielfalt-in-Gefahr.pdf\" data-type=\"attachment\" data-id=\"221\">2015 Vielfalt in Gefahr! Neue Formen des Rassismus<\/a><\/p>\n\n\n\n<figure class=\"wp-block-image size-full is-resized\"><a href=\"https:\/\/rundertisch-menschenrechte.at\/wp-content\/uploads\/2023\/09\/A2015.1.27-Vielfalt-in-Gefahr-1.jpg\"><img loading=\"lazy\" decoding=\"async\" src=\"https:\/\/rundertisch-menschenrechte.at\/wp-content\/uploads\/2023\/09\/A2015.1.27-Vielfalt-in-Gefahr-1.jpg\" alt=\"\" class=\"wp-image-333\" style=\"width:182px;height:390px\" width=\"182\" height=\"390\" srcset=\"https:\/\/rundertisch-menschenrechte.at\/wp-content\/uploads\/2023\/09\/A2015.1.27-Vielfalt-in-Gefahr-1.jpg 278w, https:\/\/rundertisch-menschenrechte.at\/wp-content\/uploads\/2023\/09\/A2015.1.27-Vielfalt-in-Gefahr-1-140x300.jpg 140w\" sizes=\"auto, (max-width: 182px) 85vw, 182px\" \/><\/a><\/figure>\n\n\n\n<h4 class=\"wp-block-heading\"><strong>Lokale Menschenrechtsarbeit 2014 &#8211; 2022<\/strong><\/h4>\n\n\n\n<p>Lehrg\u00e4nge f\u00fcr ehrenamtlich engagierte Personen, die sich in den Bereichen Menschenrechtsarbeit, ehrenamtliches Engagement, Flucht und Asyl, Arbeit mit Betroffenen ihr Wissen erweitern wollten.<\/p>\n\n\n\n<p><a href=\"https:\/\/www.menschenrechte-salzburg.at\/bildung\/workshops-lehrgaenge\/\">Workshops &amp; Lehrg\u00e4nge \u2013 Plattform f\u00fcr Menschenrechte Salzburg (menschenrechte-salzburg.at)<\/a><\/p>\n\n\n\n<h4 class=\"wp-block-heading\"><strong>F\u00fcr Zivilcourage und Menschenrechte in unserer Stadt.<br>VideoSpot Wettbewerb: Salzburg schaut hin, 2014<\/strong><\/h4>\n\n\n\n<p>Am 10. Dezember 2014 in der TriB\u00fchne wurden die Preise vergeben.<br>Der Hauptgewinn (1.500 \u20ac) ging an Bernhard Wenger f\u00fcr sein Video \u201eNein! Zu Rassismus. Ja! Zur Vielfalt\u201c.&nbsp;<br>Der zweite Preis (1.000 \u20ac) ging an die Gemeinschaftsproduktion \u201eZivilcourage \u2013 und du \u2013 gro\u00df genug?\u201c von Michael Diesenreither, Mathias Gahleitner, Christian Hepp, Klemens Wimmer und Petra Wimmer.&nbsp;<br>Den dritten Preis (500 \u20ac) bekam der Beitrag von Lukas Pohl \u00fcber Armut.&nbsp;<br>Die Videos der Preistr\u00e4ger:innen wurden im \u201aDas Kino` gezeigt.<\/p>\n\n\n\n<p><a href=\"https:\/\/rundertisch-menschenrechte.at\/wp-content\/uploads\/2023\/09\/A2014-videowettbewerb.pdf\" data-type=\"attachment\" data-id=\"222\">201 Videowettbewerb &#8222;Salzburg schaut hin&#8220;<\/a><\/p>\n\n\n\n<figure class=\"wp-block-image size-full is-resized\"><a href=\"https:\/\/rundertisch-menschenrechte.at\/wp-content\/uploads\/2023\/09\/A2014-videowettbewerb.pdf\"><img loading=\"lazy\" decoding=\"async\" src=\"https:\/\/rundertisch-menschenrechte.at\/wp-content\/uploads\/2023\/09\/A2014-videowettbewerb-1.jpg\" alt=\"\" class=\"wp-image-334\" style=\"width:292px;height:412px\" width=\"292\" height=\"412\" srcset=\"https:\/\/rundertisch-menschenrechte.at\/wp-content\/uploads\/2023\/09\/A2014-videowettbewerb-1.jpg 500w, https:\/\/rundertisch-menschenrechte.at\/wp-content\/uploads\/2023\/09\/A2014-videowettbewerb-1-213x300.jpg 213w\" sizes=\"auto, (max-width: 292px) 85vw, 292px\" \/><\/a><\/figure>\n\n\n\n<h4 class=\"wp-block-heading\"><strong>Inter*Tagung und Intersex solidarity day 2014<\/strong><\/h4>\n\n\n\n<p>2014 wurde von 7. bis 9. November in Kooperation mit HOSI Salzburg Inter*Tagung anl\u00e4sslich des Intersex solidarity day organisiert.<\/p>\n\n\n\n<h4 class=\"wp-block-heading\"><strong>Expert:innenwoche zum Thema Sexarbeiter:innen, 2014<\/strong><\/h4>\n\n\n\n<p>Von 8. bis 15. Oktober 2014 wurde die Expert:innenwoche zum Thema Sexarbeiter:innen zusammen mit der Beratungsstelle PIA organisiert. Als Expertin war Frances Funke, Selbstvertreterin aus Deutschland zu Gast. Begleitet wurde die Woche von der \u201eARGE Zwang\u201c der Plattform f\u00fcr Menschenrechte.<\/p>\n\n\n\n<h4 class=\"wp-block-heading\"><strong>Konferenz f\u00fcr junge Frauen mit Behinderung 2014<\/strong><\/h4>\n\n\n\n<p>Von 7. bis 8. Juni 2014 hat Make-it B\u00fcro f\u00fcr M\u00e4dchenf\u00f6rderung des Landes Salzburg mit Runder Tisch Menschenrechte und vielen weiteren Kooperationspartnern eine \u201eKonferenz f\u00fcr junge Frauen mit Behinderung\u201c veranstaltet.&nbsp;<\/p>\n\n\n\n<h4 class=\"wp-block-heading\"><strong>Menschenrechtskompass, 2014<\/strong><\/h4>\n\n\n\n<p>Mit dem Salzburger Menschenrechtskompass wurde seit 2014 ein Tool f\u00fcr die P\u00e4dagog:innen der schulischen und au\u00dferschulischen Bildung angeboten, das umfassend \u00fcber Menschenrechte aufkl\u00e4rt.&nbsp;Die gedruckte Arbeitsmappe gab es online und gedruckt. Au\u00dferdem wurden&nbsp;<strong>Workshops&nbsp;<\/strong>zur Arbeit mit dem Kompass in der Praxis f\u00fcr Lehrer:innen und zu einzelnen Menschenrechtsthemen f\u00fcr Schulklassen angeboten.&nbsp;<\/p>\n\n\n\n<p><a href=\"https:\/\/rundertisch-menschenrechte.at\/wp-content\/uploads\/2023\/09\/A2014-MR-Kompass-kurzinfo.pdf\" data-type=\"attachment\" data-id=\"223\">2014 Menschenrechtskompass<\/a><\/p>\n\n\n\n<figure class=\"wp-block-image size-full is-resized\"><a href=\"https:\/\/rundertisch-menschenrechte.at\/wp-content\/uploads\/2023\/09\/A2014-MR-Kompass-kurzinfo.pdf\"><img loading=\"lazy\" decoding=\"async\" src=\"https:\/\/rundertisch-menschenrechte.at\/wp-content\/uploads\/2023\/09\/A2014-MR-Kompass-kurzinfo.jpg\" alt=\"\" class=\"wp-image-335\" style=\"width:288px;height:408px\" width=\"288\" height=\"408\" srcset=\"https:\/\/rundertisch-menschenrechte.at\/wp-content\/uploads\/2023\/09\/A2014-MR-Kompass-kurzinfo.jpg 595w, https:\/\/rundertisch-menschenrechte.at\/wp-content\/uploads\/2023\/09\/A2014-MR-Kompass-kurzinfo-212x300.jpg 212w\" sizes=\"auto, (max-width: 288px) 85vw, 288px\" \/><\/a><\/figure>\n\n\n\n<h4 class=\"wp-block-heading\"><strong>Projekt f\u00fcr Respekt und gegen Ausgrenzung f\u00fcr die Schulklassen, 2014&nbsp;<\/strong><\/h4>\n\n\n\n<p>Rassismus verletzt Menschen und ihre Rechte. Begegnung und Wissen hilft dagegen! Ein Angebot f\u00fcr Schulklassen ab der 5. Schulstufe.&nbsp;<\/p>\n\n\n\n<p><a href=\"https:\/\/rundertisch-menschenrechte.at\/wp-content\/uploads\/2023\/09\/A2014-Spazieren-diskutieren-1.pdf\" data-type=\"attachment\" data-id=\"224\">2014 Spazieren und diskutieren f\u00fcr Respekt und gegen Ausgrenzung<\/a><\/p>\n\n\n\n<figure class=\"wp-block-image size-full is-resized\"><a href=\"https:\/\/rundertisch-menschenrechte.at\/wp-content\/uploads\/2023\/09\/A2014-Spazieren-diskutieren-1.jpg\"><img loading=\"lazy\" decoding=\"async\" src=\"https:\/\/rundertisch-menschenrechte.at\/wp-content\/uploads\/2023\/09\/A2014-Spazieren-diskutieren-1-1.jpg\" alt=\"\" class=\"wp-image-337\" style=\"width:292px;height:413px\" width=\"292\" height=\"413\" srcset=\"https:\/\/rundertisch-menschenrechte.at\/wp-content\/uploads\/2023\/09\/A2014-Spazieren-diskutieren-1-1.jpg 595w, https:\/\/rundertisch-menschenrechte.at\/wp-content\/uploads\/2023\/09\/A2014-Spazieren-diskutieren-1-1-212x300.jpg 212w\" sizes=\"auto, (max-width: 292px) 85vw, 292px\" \/><\/a><\/figure>\n\n\n\n<h4 class=\"wp-block-heading\"><strong>Neue Initiative: Wahlkampfbeobachtung, 2014<\/strong><\/h4>\n\n\n\n<p>Die letzten Wochen vor der Gemeinderatswahl 2014 hat der Runde Tisch Menschenrechte der Stadt Salzburg in Kooperation mit der \u00d6sterreichischen Hochsch\u00fcler:innenschaft Salzburg die wahlwerbenden Parteien in Hinblick auf ihren Zu- und Umgang mit menschenrechtsrelevanten Themen beobachtet und laufend Stellungnahmen verfasst.<\/p>\n\n\n\n<p><strong>Teil 1<\/strong><\/p>\n\n\n\n<figure class=\"wp-block-image size-full is-resized\"><a href=\"https:\/\/rundertisch-menschenrechte.at\/wp-content\/uploads\/2023\/09\/A2014-Wahlkampfmonitoring-I.pdf\"><img loading=\"lazy\" decoding=\"async\" src=\"https:\/\/rundertisch-menschenrechte.at\/wp-content\/uploads\/2023\/09\/A2014-Wahlkampfmonitoring-I-1.jpg\" alt=\"\" class=\"wp-image-339\" style=\"width:288px;height:408px\" width=\"288\" height=\"408\" srcset=\"https:\/\/rundertisch-menschenrechte.at\/wp-content\/uploads\/2023\/09\/A2014-Wahlkampfmonitoring-I-1.jpg 595w, https:\/\/rundertisch-menschenrechte.at\/wp-content\/uploads\/2023\/09\/A2014-Wahlkampfmonitoring-I-1-212x300.jpg 212w\" sizes=\"auto, (max-width: 288px) 85vw, 288px\" \/><\/a><\/figure>\n\n\n\n<p><strong>Teil 2<\/strong><\/p>\n\n\n\n<figure class=\"wp-block-image size-full is-resized\"><a href=\"https:\/\/rundertisch-menschenrechte.at\/wp-content\/uploads\/2023\/09\/A2014-Wahlkampfmonitoring-II.pdf\"><img loading=\"lazy\" decoding=\"async\" src=\"https:\/\/rundertisch-menschenrechte.at\/wp-content\/uploads\/2023\/09\/A2014-Wahlkampfmonitoring-II-1.jpg\" alt=\"\" class=\"wp-image-340\" style=\"width:288px;height:408px\" width=\"288\" height=\"408\" srcset=\"https:\/\/rundertisch-menschenrechte.at\/wp-content\/uploads\/2023\/09\/A2014-Wahlkampfmonitoring-II-1.jpg 595w, https:\/\/rundertisch-menschenrechte.at\/wp-content\/uploads\/2023\/09\/A2014-Wahlkampfmonitoring-II-1-212x300.jpg 212w\" sizes=\"auto, (max-width: 288px) 85vw, 288px\" \/><\/a><\/figure>\n\n\n\n<p><strong>Teil 3<\/strong><\/p>\n\n\n\n<figure class=\"wp-block-image size-full is-resized\"><a href=\"https:\/\/rundertisch-menschenrechte.at\/wp-content\/uploads\/2023\/09\/A2014-Wahlkampfmonitoring-III.pdf\"><img loading=\"lazy\" decoding=\"async\" src=\"https:\/\/rundertisch-menschenrechte.at\/wp-content\/uploads\/2023\/09\/A2014-Wahlkampfmonitoring-III-1.jpg\" alt=\"\" class=\"wp-image-341\" style=\"width:288px;height:408px\" width=\"288\" height=\"408\" srcset=\"https:\/\/rundertisch-menschenrechte.at\/wp-content\/uploads\/2023\/09\/A2014-Wahlkampfmonitoring-III-1.jpg 595w, https:\/\/rundertisch-menschenrechte.at\/wp-content\/uploads\/2023\/09\/A2014-Wahlkampfmonitoring-III-1-212x300.jpg 212w\" sizes=\"auto, (max-width: 288px) 85vw, 288px\" \/><\/a><\/figure>\n\n\n\n<h4 class=\"wp-block-heading\"><strong>Studie: Lebens- und Bedarfslagen der neuen Zuwander:innen \/ Notreisenden, 2013<\/strong><\/h4>\n\n\n\n<p>Die Erhebung wurde im Auftrag des Runden Tisches Menschenrechte von Heinz Schoibl in Zusammenarbeit mit Studierenden und MitarbeiterInnen der Universit\u00e4t Salzburg \/ Hochsch\u00fclerschaft mit entsprechenden Fremdsprachenkenntnissen durchgef\u00fchrt und vom Dreyer Charity Fund Salzburg sowie der Plattform Menschenrechte gef\u00f6rdert. Neben dem Erzbischof von Salzburg haben viele SalzburgerInnen mit privaten Spenden zur Durchf\u00fchrung beigetragen.<\/p>\n\n\n\n<p><a href=\"https:\/\/rundertisch-menschenrechte.at\/wp-content\/uploads\/2023\/09\/Publ-2013-Studie-NotReisende.pdf\" data-type=\"attachment\" data-id=\"188\">Langfassung<\/a><\/p>\n\n\n\n<figure class=\"wp-block-image size-full is-resized\"><a href=\"https:\/\/rundertisch-menschenrechte.at\/wp-content\/uploads\/2023\/09\/Publ-2013-Studie-NotReisende.pdf\"><img loading=\"lazy\" decoding=\"async\" src=\"https:\/\/rundertisch-menschenrechte.at\/wp-content\/uploads\/2023\/09\/Publ-2013-Studie-NotReisende-1.jpg\" alt=\"\" class=\"wp-image-188\" style=\"width:285px;height:403px\" width=\"285\" height=\"403\" srcset=\"https:\/\/rundertisch-menschenrechte.at\/wp-content\/uploads\/2023\/09\/Publ-2013-Studie-NotReisende-1.jpg 595w, https:\/\/rundertisch-menschenrechte.at\/wp-content\/uploads\/2023\/09\/Publ-2013-Studie-NotReisende-1-212x300.jpg 212w\" sizes=\"auto, (max-width: 285px) 85vw, 285px\" \/><\/a><\/figure>\n\n\n\n<p><br><a href=\"https:\/\/rundertisch-menschenrechte.at\/wp-content\/uploads\/2023\/09\/Publ-2013-Kurzfassung_Studie_Notreisende.pdf\" data-type=\"attachment\" data-id=\"193\">Kurzfassung<\/a><\/p>\n\n\n\n<h4 class=\"wp-block-heading\"><strong>Handbuch Menschenrechte: Wegweiser der Stadt Salzburg \u00fcber Menschenrechts-Institutionen, 2013<\/strong><\/h4>\n\n\n\n<p>Wegweiser der Stadt Salzburg \u00fcber Menschenrechts-Institutionen in der Stadt Salzburg gab es sowohl online als auch als gedrucktes Handbuch.<\/p>\n\n\n\n<p><a href=\"https:\/\/rundertisch-menschenrechte.at\/wp-content\/uploads\/2023\/09\/Publ-2013-handbuch_menschenrechte.pdf\" data-type=\"attachment\" data-id=\"181\">Handbuch<\/a><\/p>\n\n\n\n<figure class=\"wp-block-image size-full is-resized\"><a href=\"https:\/\/rundertisch-menschenrechte.at\/wp-content\/uploads\/2023\/09\/Publ-2013-handbuch_menschenrechte.pdf\"><img loading=\"lazy\" decoding=\"async\" src=\"https:\/\/rundertisch-menschenrechte.at\/wp-content\/uploads\/2023\/09\/Publ-2013-handbuch_menschenrechte-1.jpg\" alt=\"\" class=\"wp-image-195\" style=\"width:289px;height:410px\" width=\"289\" height=\"410\" srcset=\"https:\/\/rundertisch-menschenrechte.at\/wp-content\/uploads\/2023\/09\/Publ-2013-handbuch_menschenrechte-1.jpg 419w, https:\/\/rundertisch-menschenrechte.at\/wp-content\/uploads\/2023\/09\/Publ-2013-handbuch_menschenrechte-1-211x300.jpg 211w\" sizes=\"auto, (max-width: 289px) 85vw, 289px\" \/><\/a><\/figure>\n\n\n\n<h4 class=\"wp-block-heading\"><strong>F\u00fcnf Jahre Menschenrechtsstadt Salzburg, Di, 10.12.2013, Schloss Mirabell&nbsp;<\/strong><\/h4>\n\n\n\n<p><a href=\"https:\/\/rundertisch-menschenrechte.at\/wp-content\/uploads\/2023\/09\/A2013-tag-der-menschenrechte.pdf\" data-type=\"attachment\" data-id=\"228\">2013 Tag der Menschenrechte<\/a><\/p>\n\n\n\n<figure class=\"wp-block-image size-full is-resized\"><a href=\"https:\/\/rundertisch-menschenrechte.at\/wp-content\/uploads\/2023\/09\/A2013-tag-der-menschenrechte.pdf\"><img loading=\"lazy\" decoding=\"async\" src=\"https:\/\/rundertisch-menschenrechte.at\/wp-content\/uploads\/2023\/09\/A2013-tag-der-menschenrechte-1.jpg\" alt=\"\" class=\"wp-image-343\" style=\"width:287px;height:402px\" width=\"287\" height=\"402\" srcset=\"https:\/\/rundertisch-menschenrechte.at\/wp-content\/uploads\/2023\/09\/A2013-tag-der-menschenrechte-1.jpg 500w, https:\/\/rundertisch-menschenrechte.at\/wp-content\/uploads\/2023\/09\/A2013-tag-der-menschenrechte-1-214x300.jpg 214w\" sizes=\"auto, (max-width: 287px) 85vw, 287px\" \/><\/a><\/figure>\n\n\n\n<h4 class=\"wp-block-heading\"><strong>Kampagne: Ich sage NEIN, 2013<\/strong><\/h4>\n\n\n\n<p>Zwangsarbeit, Frauen- bzw. Menschenhandel oder auch Zwangsprostitution sind immer dann Themen in Medien und Gesellschaft, wenn es einen besonders schockierenden Fall gibt. F\u00fcr viele Frauen und Kinder (und auch M\u00e4nner) pr\u00e4gen solche Erfahrungen allerdings den Alltag. Dies nicht zu vergessen, zu sensibilisieren und Aufmerksamkeit zu schaffen ist Ziel der \u201eArge Zwangsarbeit\u201c.<\/p>\n\n\n\n<p><a href=\"https:\/\/rundertisch-menschenrechte.at\/wp-content\/uploads\/2023\/09\/A2013-Kampagne-ich-sage-Nein-1.pdf\" data-type=\"attachment\" data-id=\"229\">2013 Kampagne-ich-sage-Nein-1<\/a><\/p>\n\n\n\n<figure class=\"wp-block-image size-full is-resized\"><a href=\"https:\/\/rundertisch-menschenrechte.at\/wp-content\/uploads\/2023\/09\/A2013-Kampagne-ich-sage-Nein-1.pdf\"><img loading=\"lazy\" decoding=\"async\" src=\"https:\/\/rundertisch-menschenrechte.at\/wp-content\/uploads\/2023\/09\/A2013-Kampagne-ich-sage-Nein-1.jpg\" alt=\"\" class=\"wp-image-344\" style=\"width:284px;height:398px\" width=\"284\" height=\"398\" srcset=\"https:\/\/rundertisch-menschenrechte.at\/wp-content\/uploads\/2023\/09\/A2013-Kampagne-ich-sage-Nein-1.jpg 500w, https:\/\/rundertisch-menschenrechte.at\/wp-content\/uploads\/2023\/09\/A2013-Kampagne-ich-sage-Nein-1-214x300.jpg 214w\" sizes=\"auto, (max-width: 284px) 85vw, 284px\" \/><\/a><\/figure>\n\n\n\n<p><a href=\"https:\/\/rundertisch-menschenrechte.at\/wp-content\/uploads\/2023\/09\/A2013-Kampagne-ich-sage-Nein-2.pdf\" data-type=\"attachment\" data-id=\"230\">2013 Kampagne-ich-sage-Nein-2<\/a><\/p>\n\n\n\n<figure class=\"wp-block-image size-full is-resized\"><a href=\"https:\/\/rundertisch-menschenrechte.at\/wp-content\/uploads\/2023\/09\/A2013-Kampagne-ich-sage-Nein-2.pdf\"><img loading=\"lazy\" decoding=\"async\" src=\"https:\/\/rundertisch-menschenrechte.at\/wp-content\/uploads\/2023\/09\/A2013-Kampagne-ich-sage-Nein-2.jpg\" alt=\"\" class=\"wp-image-345\" style=\"width:288px;height:404px\" width=\"288\" height=\"404\" srcset=\"https:\/\/rundertisch-menschenrechte.at\/wp-content\/uploads\/2023\/09\/A2013-Kampagne-ich-sage-Nein-2.jpg 500w, https:\/\/rundertisch-menschenrechte.at\/wp-content\/uploads\/2023\/09\/A2013-Kampagne-ich-sage-Nein-2-214x300.jpg 214w\" sizes=\"auto, (max-width: 288px) 85vw, 288px\" \/><\/a><\/figure>\n\n\n\n<p><\/p>\n\n\n\n<p><a href=\"https:\/\/rundertisch-menschenrechte.at\/wp-content\/uploads\/2023\/09\/A2013-Kampagne-ich-sage-Nein-3.pdf\" data-type=\"attachment\" data-id=\"231\">2013 Kampagne-ich-sage-Nein-3<\/a><\/p>\n\n\n\n<figure class=\"wp-block-image size-full is-resized\"><a href=\"https:\/\/rundertisch-menschenrechte.at\/wp-content\/uploads\/2023\/09\/A2013-Kampagne-ich-sage-Nein-3.pdf\"><img loading=\"lazy\" decoding=\"async\" src=\"https:\/\/rundertisch-menschenrechte.at\/wp-content\/uploads\/2023\/09\/A2013-Kampagne-ich-sage-Nein-3.jpg\" alt=\"\" class=\"wp-image-346\" style=\"width:288px;height:404px\" width=\"288\" height=\"404\" srcset=\"https:\/\/rundertisch-menschenrechte.at\/wp-content\/uploads\/2023\/09\/A2013-Kampagne-ich-sage-Nein-3.jpg 500w, https:\/\/rundertisch-menschenrechte.at\/wp-content\/uploads\/2023\/09\/A2013-Kampagne-ich-sage-Nein-3-214x300.jpg 214w\" sizes=\"auto, (max-width: 288px) 85vw, 288px\" \/><\/a><\/figure>\n\n\n\n<h4 class=\"wp-block-heading\"><strong>Kampagne: Wirst du hier geachtet? 2012<\/strong><\/h4>\n\n\n\n<p>Der Runde Tisch Menschenrechte trat in einem ersten Schritt mit einer Plakatkampagne, die f\u00fcr das Thema \u201eMenschenrechte in der Stadt\u201c sensibilisieren soll, an die breitere \u00d6ffentlichkeit in der Stadt Salzburg heran.<\/p>\n\n\n\n<p>Die zentrale Botschaft der Kampagne: DU HAST MENSCHENRECHTE, d.h. die Menschenrechte und deren Verletzung sind HIER in der Stadt Salzburg ein wichtiges Thema f\u00fcr jede Person. DU, also jede und jeder Einzelne ist davon betroffen \u2013 entweder indem sie oder er Menschenrechtsverletzungen erf\u00e4hrt, oder weil jede\/r von uns in seinem\/ihrem Umfeld f\u00fcr die Achtung von Menschenrechten verantwortlich ist. Die konkrete Alltagserfahrung und die Verantwortlichkeit aller wurden angesprochen.<\/p>\n\n\n\n<p>Die Zielsetzung der Kampagne war es, einer breiten \u00d6ffentlichkeit bewusst zu machen, dass es auch in der Stadt Salzburg Menschenrechtsverletzungen und Zugangsbeschr\u00e4nkungen zu Grundrechten gibt. Die Kampagne will vor Augen f\u00fchren, dass Menschenrechte im konkreten Alltagsleben jedes und jeder Einzelnen Bedeutung haben, dass die\/der Einzelne Subjekt und Bezugsgr\u00f6\u00dfe f\u00fcr die Menschenrechte ist. \u201eMenschenrechte \u2013 die betreffen mich, in meinem Leben, hier und jetzt!\u201c<\/p>\n\n\n\n<p>Mit der Gestaltung der Kampagne wurde das Salzburger Kreativb\u00fcro jennycolombo.com beauftragt. In vier Sujets wird Salzburg als \u201eMenschenrechte-Zone\u201c symbolisch markiert. Die Fragen \u201eWirst du hier gesehen?\u201c, \u201eWirst du hier geachtet?\u201c, \u201eWirst du hier gef\u00f6rdert?\u201c und \u201eWirst du hier gesch\u00fctzt?\u201c sprechen sowohl die BetrachterInnen als auch quasi das Menschenrecht selbst an: So wie abstrakt das Menschenrecht behandelt wird, so wird konkret auch mit Menschen umgegangen. Die dargestellten Schaupl\u00e4tze stehen symbolhaft f\u00fcr Menschen, die \u2013 mitten in unserem Alltag \u2013 oft ausweglos (\u201eBahnhof\u201c), obdachlos (\u201eKapuzinerberg), heimatlos (\u201ePolizeidirektion, Schubhaft) oder sonst in unterschiedlicher Weise rechtlos (\u201eSalzburg\u201c) sind.<\/p>\n\n\n\n<p>Die Botschaft der Kampagne wurde mit Unterst\u00fctzung der Stadt Salzburg und der Firma Progress-Werbung in Form von Plakaten und FreeCards in der gesamten Stadt, \u00fcber Salzburger Schulen, NGOs, Vereine und Beratungseinrichtungen, mit denen wir in Kontakt sind, hinaustragen.&nbsp;<\/p>\n\n\n\n<figure class=\"wp-block-image size-full is-resized\"><a href=\"https:\/\/rundertisch-menschenrechte.at\/wp-content\/uploads\/2023\/09\/A2012-Plakatkampagne-1.jpg\"><img loading=\"lazy\" decoding=\"async\" src=\"https:\/\/rundertisch-menschenrechte.at\/wp-content\/uploads\/2023\/09\/A2012-Plakatkampagne-1.jpg\" alt=\"\" class=\"wp-image-347\" style=\"width:285px;height:403px\" width=\"285\" height=\"403\" srcset=\"https:\/\/rundertisch-menschenrechte.at\/wp-content\/uploads\/2023\/09\/A2012-Plakatkampagne-1.jpg 500w, https:\/\/rundertisch-menschenrechte.at\/wp-content\/uploads\/2023\/09\/A2012-Plakatkampagne-1-212x300.jpg 212w\" sizes=\"auto, (max-width: 285px) 85vw, 285px\" \/><\/a><\/figure>\n\n\n\n<figure class=\"wp-block-image size-full is-resized\"><a href=\"https:\/\/rundertisch-menschenrechte.at\/wp-content\/uploads\/2023\/09\/A2012-Plakatkampagne-2.jpg\"><img loading=\"lazy\" decoding=\"async\" src=\"https:\/\/rundertisch-menschenrechte.at\/wp-content\/uploads\/2023\/09\/A2012-Plakatkampagne-2.jpg\" alt=\"\" class=\"wp-image-348\" style=\"width:285px;height:403px\" width=\"285\" height=\"403\" srcset=\"https:\/\/rundertisch-menschenrechte.at\/wp-content\/uploads\/2023\/09\/A2012-Plakatkampagne-2.jpg 500w, https:\/\/rundertisch-menschenrechte.at\/wp-content\/uploads\/2023\/09\/A2012-Plakatkampagne-2-212x300.jpg 212w\" sizes=\"auto, (max-width: 285px) 85vw, 285px\" \/><\/a><\/figure>\n\n\n\n<figure class=\"wp-block-image size-full is-resized\"><a href=\"https:\/\/rundertisch-menschenrechte.at\/wp-content\/uploads\/2023\/09\/A2012-Plakatkampagne-3.jpg\"><img loading=\"lazy\" decoding=\"async\" src=\"https:\/\/rundertisch-menschenrechte.at\/wp-content\/uploads\/2023\/09\/A2012-Plakatkampagne-3.jpg\" alt=\"\" class=\"wp-image-349\" style=\"width:285px;height:403px\" width=\"285\" height=\"403\" srcset=\"https:\/\/rundertisch-menschenrechte.at\/wp-content\/uploads\/2023\/09\/A2012-Plakatkampagne-3.jpg 500w, https:\/\/rundertisch-menschenrechte.at\/wp-content\/uploads\/2023\/09\/A2012-Plakatkampagne-3-212x300.jpg 212w\" sizes=\"auto, (max-width: 285px) 85vw, 285px\" \/><\/a><\/figure>\n\n\n\n<figure class=\"wp-block-image size-full is-resized\"><a href=\"https:\/\/rundertisch-menschenrechte.at\/wp-content\/uploads\/2023\/09\/A2012-Plakatkampagne-4.jpg\"><img loading=\"lazy\" decoding=\"async\" src=\"https:\/\/rundertisch-menschenrechte.at\/wp-content\/uploads\/2023\/09\/A2012-Plakatkampagne-4.jpg\" alt=\"\" class=\"wp-image-350\" style=\"width:285px;height:403px\" width=\"285\" height=\"403\" srcset=\"https:\/\/rundertisch-menschenrechte.at\/wp-content\/uploads\/2023\/09\/A2012-Plakatkampagne-4.jpg 500w, https:\/\/rundertisch-menschenrechte.at\/wp-content\/uploads\/2023\/09\/A2012-Plakatkampagne-4-212x300.jpg 212w\" sizes=\"auto, (max-width: 285px) 85vw, 285px\" \/><\/a><\/figure>\n","protected":false},"excerpt":{"rendered":"<p>Projekte, Veranstaltungen, Kampagnen \u2013 eine Auswahl Lesung auf Deutsch, Arabisch und T\u00fcrkisch f\u00fcr Kinder von 3 bis 6: Kinderrechtebuch PASCHU, Dienstag, 29.11.2022 Kinder haben Rechte, und das von Geburt an. Anl\u00e4sslich des Jubil\u00e4ums &#8211; 30 Jahre Kinderrechtskonvention der Vereinten Nationen in \u00d6sterreich \u2013 wurde das Kinderrechtebuch PASCHU in neun Sprachen &#8211; Deutsch, Albanisch, Arabisch, Bosnisch, &hellip; <a href=\"https:\/\/rundertisch-menschenrechte.at\/index.php\/archiv\/\" class=\"more-link\"><span class=\"screen-reader-text\">\u201eArchiv\u201c<\/span> weiterlesen<\/a><\/p>\n","protected":false},"author":1,"featured_media":0,"parent":0,"menu_order":0,"comment_status":"closed","ping_status":"closed","template":"","meta":{"footnotes":""},"class_list":["post-68","page","type-page","status-publish","hentry"],"_links":{"self":[{"href":"https:\/\/rundertisch-menschenrechte.at\/index.php\/wp-json\/wp\/v2\/pages\/68","targetHints":{"allow":["GET"]}}],"collection":[{"href":"https:\/\/rundertisch-menschenrechte.at\/index.php\/wp-json\/wp\/v2\/pages"}],"about":[{"href":"https:\/\/rundertisch-menschenrechte.at\/index.php\/wp-json\/wp\/v2\/types\/page"}],"author":[{"embeddable":true,"href":"https:\/\/rundertisch-menschenrechte.at\/index.php\/wp-json\/wp\/v2\/users\/1"}],"replies":[{"embeddable":true,"href":"https:\/\/rundertisch-menschenrechte.at\/index.php\/wp-json\/wp\/v2\/comments?post=68"}],"version-history":[{"count":26,"href":"https:\/\/rundertisch-menschenrechte.at\/index.php\/wp-json\/wp\/v2\/pages\/68\/revisions"}],"predecessor-version":[{"id":429,"href":"https:\/\/rundertisch-menschenrechte.at\/index.php\/wp-json\/wp\/v2\/pages\/68\/revisions\/429"}],"wp:attachment":[{"href":"https:\/\/rundertisch-menschenrechte.at\/index.php\/wp-json\/wp\/v2\/media?parent=68"}],"curies":[{"name":"wp","href":"https:\/\/api.w.org\/{rel}","templated":true}]}}